{"id":823,"date":"2026-08-26T12:25:56","date_gmt":"2026-08-26T12:25:56","guid":{"rendered":"https:\/\/e-fouche.fr\/?post_type=project&#038;p=823"},"modified":"2026-08-26T15:44:38","modified_gmt":"2026-08-26T15:44:38","slug":"foyer_mauriac","status":"publish","type":"project","link":"https:\/\/e-fouche.fr\/index.php\/project\/foyer_mauriac\/","title":{"rendered":"Foyer_Mauriac"},"content":{"rendered":"<p>[et_pb_section fb_built=\u00a0\u00bb1&Prime; _builder_version=\u00a0\u00bb4.27.5&Prime; _module_preset=\u00a0\u00bbdefault\u00a0\u00bb background_color=\u00a0\u00bb#000000&Prime; background_enable_image=\u00a0\u00bboff\u00a0\u00bb custom_padding=\u00a0\u00bb0px||0px|||\u00a0\u00bb global_colors_info=\u00a0\u00bb{}\u00a0\u00bb][et_pb_row make_equal=\u00a0\u00bbon\u00a0\u00bb _builder_version=\u00a0\u00bb4.27.5&Prime; _module_preset=\u00a0\u00bbdefault\u00a0\u00bb background_color=\u00a0\u00bbRGBA(255,255,255,0)\u00a0\u00bb width=\u00a0\u00bb100%\u00a0\u00bb max_width=\u00a0\u00bb1105px\u00a0\u00bb module_alignment=\u00a0\u00bbcenter\u00a0\u00bb custom_margin=\u00a0\u00bb|-175px||536px||\u00a0\u00bb custom_padding=\u00a0\u00bb||22px|||\u00a0\u00bb global_colors_info=\u00a0\u00bb{}\u00a0\u00bb][et_pb_column type=\u00a0\u00bb4_4&Prime; _builder_version=\u00a0\u00bb4.27.5&Prime; _module_preset=\u00a0\u00bbdefault\u00a0\u00bb global_colors_info=\u00a0\u00bb{}\u00a0\u00bb][et_pb_heading title=\u00a0\u00bbMAISON DES LYCEENS\u00a0\u00bb _builder_version=\u00a0\u00bb4.27.5&Prime; _module_preset=\u00a0\u00bbdefault\u00a0\u00bb title_text_color=\u00a0\u00bb#FFFFFF\u00a0\u00bb custom_padding=\u00a0\u00bb0px||0px|||\u00a0\u00bb global_colors_info=\u00a0\u00bb{}\u00a0\u00bb][\/et_pb_heading][\/et_pb_column][\/et_pb_row][\/et_pb_section][et_pb_section fb_built=\u00a0\u00bb1&Prime; _builder_version=\u00a0\u00bb4.27.5&Prime; _module_preset=\u00a0\u00bbdefault\u00a0\u00bb background_color=\u00a0\u00bbRGBA(255,255,255,0)\u00a0\u00bb background_enable_image=\u00a0\u00bboff\u00a0\u00bb custom_padding=\u00a0\u00bb0px||0px|||\u00a0\u00bb global_colors_info=\u00a0\u00bb{}\u00a0\u00bb][et_pb_row column_structure=\u00a0\u00bb2_5,3_5&Prime; make_equal=\u00a0\u00bbon\u00a0\u00bb _builder_version=\u00a0\u00bb4.27.5&Prime; _module_preset=\u00a0\u00bbdefault\u00a0\u00bb background_color=\u00a0\u00bb#FFFFFF\u00a0\u00bb width=\u00a0\u00bb100%\u00a0\u00bb max_width=\u00a0\u00bb1105px\u00a0\u00bb module_alignment=\u00a0\u00bbcenter\u00a0\u00bb custom_margin=\u00a0\u00bb|-175px||536px||\u00a0\u00bb custom_padding=\u00a0\u00bb||53px|||\u00a0\u00bb global_colors_info=\u00a0\u00bb{}\u00a0\u00bb][et_pb_column type=\u00a0\u00bb2_5&Prime; _builder_version=\u00a0\u00bb4.27.5&Prime; _module_preset=\u00a0\u00bbdefault\u00a0\u00bb global_colors_info=\u00a0\u00bb{}\u00a0\u00bb][et_pb_text _builder_version=\u00a0\u00bb4.27.5&Prime; _module_preset=\u00a0\u00bbdefault\u00a0\u00bb text_text_color=\u00a0\u00bbrgba(255,255,255,0.85)\u00a0\u00bb width=\u00a0\u00bb91.8%\u00a0\u00bb custom_padding=\u00a0\u00bb|5px|30px|9px||\u00a0\u00bb global_colors_info=\u00a0\u00bb{}\u00a0\u00bb]<\/p>\n<p><span style=\"color: #808080;\"><b>Ma\u00eetre d\u2019Ouvrage : <\/b><\/span><\/p>\n<p><span style=\"color: #808080;\">Ville de Bordeaux<\/span><\/p>\n<p><span style=\"color: #808080;\"><b>Contenu de la mission :<\/b><\/span><\/p>\n<p><span style=\"color: #808080;\">R\u00e9habilitation : MDL de lyc\u00e9e Mauriac<\/span><\/p>\n<p><span style=\"color: #808080;\"><\/span><\/p>\n<p><span style=\"color: #808080;\"><b>Surface r\u00e9habilit\u00e9e : <\/b>185m\u00b2<\/span><\/p>\n<p><span style=\"color: #808080;\"><b>Montant des travaux : <\/b>73\u00a0K\u20ac HT<\/span><\/p>\n<p><span style=\"color: #808080;\"><b>Livraison : <\/b>Septembre 2026<\/span><\/p>\n<p>[\/et_pb_text][et_pb_text _builder_version=\u00a0\u00bb4.27.5&Prime; _module_preset=\u00a0\u00bbdefault\u00a0\u00bb text_text_color=\u00a0\u00bbrgba(255,255,255,0.85)\u00a0\u00bb background_color=\u00a0\u00bb#000000&Prime; width=\u00a0\u00bb91.8%\u00a0\u00bb custom_margin=\u00a0\u00bb19px|||||\u00a0\u00bb custom_padding=\u00a0\u00bb|5px|0px|9px||\u00a0\u00bb global_colors_info=\u00a0\u00bb{}\u00a0\u00bb]<\/p>\n<h2><span style=\"color: #ffffff;\"><\/span><\/h2>\n<h2><span style=\"color: #ffffff;\">Particularit\u00e9 du projet\u00a0<\/span><\/h2>\n<ul>\n<li>\n<p>Travail approfondis d\u2019int\u00e9rieur<\/p>\n<\/li>\n<li>\n<p>Mobilier sur mesure<\/p>\n<\/li>\n<li>\n<p>La gestion d&rsquo;une mission le mois d\u2019aout.<\/p>\n<\/li>\n<\/ul>\n<p>&nbsp;<\/p>\n<p>[\/et_pb_text][et_pb_text _builder_version=\u00a0\u00bb4.27.5&Prime; _module_preset=\u00a0\u00bbdefault\u00a0\u00bb text_text_color=\u00a0\u00bbrgba(255,255,255,0.85)\u00a0\u00bb width=\u00a0\u00bb91.8%\u00a0\u00bb custom_margin=\u00a0\u00bb35px|||||\u00a0\u00bb custom_padding=\u00a0\u00bb|5px|30px|9px||\u00a0\u00bb global_colors_info=\u00a0\u00bb{}\u00a0\u00bb]<\/p>\n<p><span style=\"color: #808080;\">Le programme pr\u00e9voyait une simple remise en \u00e9tat de la MDL des ann\u00e9es 2000 et de ses 4 pi\u00e8ces adjacentes. Le diagnostic a permis de repenser l\u2019organisation g\u00e9n\u00e9rale et de structurer le foyer en trois zones aux usages distincts : repas, travail et d\u00e9tente.<\/span><\/p>\n<p><span style=\"color: #808080;\">Une attention particuli\u00e8re a \u00e9t\u00e9 port\u00e9e aux couleurs, \u00e0 l\u2019\u00e9clairage et au mobilier sur mesure. L\u2019ocre signale l\u2019accueil et les acc\u00e8s aux diff\u00e9rentes pi\u00e8ces, tandis que le bleu fonc\u00e9 constitue le support d\u2019une future fresque r\u00e9alis\u00e9e par les lyc\u00e9ens pour l\u2019espace de d\u00e9tente.<\/span><\/p>\n<p><span style=\"color: #808080;\">Un meuble central en bois r\u00e9gional, con\u00e7u sur mesure, associe banquette, garde-corps, s\u00e9paration et tablettes. Il structure l\u2019espace tout en assurant une continuit\u00e9 entre les diff\u00e9rents usages.<\/span><\/p>\n<p><span style=\"color: #808080;\">Trois sc\u00e9narios d\u2019\u00e9clairage accompagnent les ambiances et les activit\u00e9s.<\/span><\/p>\n<p><span style=\"color: #808080;\">Une cuisine a \u00e9galement \u00e9t\u00e9 int\u00e9gr\u00e9e \u00e0 l\u2019accueil, tandis que les espaces adjacents ont \u00e9t\u00e9 simplement rafra\u00eechis.<\/span><\/p>\n<p><span style=\"color: #808080;\">Un foyer chaleureux, color\u00e9 et fonctionnel, pens\u00e9 pour favoriser la convivialit\u00e9 et l\u2019appropriation par les lyc\u00e9ens.<\/span><\/p>\n<p>&nbsp;<\/p>\n<p><span style=\"color: #808080;\">\u00a0<\/span><\/p>\n<p>[\/et_pb_text][\/et_pb_column][et_pb_column type=\u00a0\u00bb3_5&Prime; _builder_version=\u00a0\u00bb4.27.5&Prime; _module_preset=\u00a0\u00bbdefault\u00a0\u00bb transform_translate_linked=\u00a0\u00bboff\u00a0\u00bb transform_origin=\u00a0\u00bb0%|50%\u00a0\u00bb global_colors_info=\u00a0\u00bb{}\u00a0\u00bb][et_pb_image src=\u00a0\u00bbhttps:\/\/e-fouche.fr\/wp-content\/uploads\/2026\/08\/8e3d76f2-875e-4d46-a6d5-e808d996a544.jpg\u00a0\u00bb title_text=\u00a0\u00bb8e3d76f2-875e-4d46-a6d5-e808d996a544&Prime; _builder_version=\u00a0\u00bb4.27.5&Prime; _module_preset=\u00a0\u00bbdefault\u00a0\u00bb width=\u00a0\u00bb100%\u00a0\u00bb global_colors_info=\u00a0\u00bb{}\u00a0\u00bb][\/et_pb_image][et_pb_image src=\u00a0\u00bbhttps:\/\/e-fouche.fr\/wp-content\/uploads\/2026\/02\/rendu_909_1-scaled.jpeg\u00a0\u00bb title_text=\u00a0\u00bbrendu_909_1&Prime; _builder_version=\u00a0\u00bb4.27.5&Prime; _module_preset=\u00a0\u00bbdefault\u00a0\u00bb width=\u00a0\u00bb100%\u00a0\u00bb global_colors_info=\u00a0\u00bb{}\u00a0\u00bb][\/et_pb_image][et_pb_image src=\u00a0\u00bbhttps:\/\/e-fouche.fr\/wp-content\/uploads\/2026\/08\/Espace-non-nomme-184.jpg\u00a0\u00bb title_text=\u00a0\u00bbEspace non nomm\u00e9-184&Prime; _builder_version=\u00a0\u00bb4.27.5&Prime; _module_preset=\u00a0\u00bbdefault\u00a0\u00bb width=\u00a0\u00bb100%\u00a0\u00bb global_colors_info=\u00a0\u00bb{}\u00a0\u00bb][\/et_pb_image][et_pb_image src=\u00a0\u00bbhttps:\/\/e-fouche.fr\/wp-content\/uploads\/2026\/08\/Espace-non-nomme-186.jpg\u00a0\u00bb title_text=\u00a0\u00bbEspace non nomm\u00e9-186&Prime; _builder_version=\u00a0\u00bb4.27.5&Prime; _module_preset=\u00a0\u00bbdefault\u00a0\u00bb width=\u00a0\u00bb100%\u00a0\u00bb global_colors_info=\u00a0\u00bb{}\u00a0\u00bb][\/et_pb_image][et_pb_divider color=\u00a0\u00bb#808080&Prime; _builder_version=\u00a0\u00bb4.27.5&Prime; _module_preset=\u00a0\u00bbdefault\u00a0\u00bb custom_margin=\u00a0\u00bb||-18px|||\u00a0\u00bb global_colors_info=\u00a0\u00bb{}\u00a0\u00bb][\/et_pb_divider][et_pb_text _builder_version=\u00a0\u00bb4.27.5&Prime; _module_preset=\u00a0\u00bbdefault\u00a0\u00bb custom_margin=\u00a0\u00bb||8px|||\u00a0\u00bb global_colors_info=\u00a0\u00bb{}\u00a0\u00bb]<\/p>\n<p>EXISTANT<\/p>\n<p>[\/et_pb_text][et_pb_image src=\u00a0\u00bbhttps:\/\/e-fouche.fr\/wp-content\/uploads\/2026\/08\/IMG20250916091624.jpg\u00a0\u00bb title_text=\u00a0\u00bbIMG20250916091624&Prime; _builder_version=\u00a0\u00bb4.27.5&Prime; _module_preset=\u00a0\u00bbdefault\u00a0\u00bb width=\u00a0\u00bb100%\u00a0\u00bb hover_enabled=\u00a0\u00bb0&Prime; global_colors_info=\u00a0\u00bb{}\u00a0\u00bb sticky_enabled=\u00a0\u00bb0&Prime;][\/et_pb_image][et_pb_image src=\u00a0\u00bbhttps:\/\/e-fouche.fr\/wp-content\/uploads\/2026\/08\/IMG20251125164735.jpg\u00a0\u00bb title_text=\u00a0\u00bbIMG20251125164735&Prime; _builder_version=\u00a0\u00bb4.27.5&Prime; _module_preset=\u00a0\u00bbdefault\u00a0\u00bb width=\u00a0\u00bb100%\u00a0\u00bb global_colors_info=\u00a0\u00bb{}\u00a0\u00bb][\/et_pb_image][et_pb_image src=\u00a0\u00bbhttps:\/\/e-fouche.fr\/wp-content\/uploads\/2026\/08\/IMG20251125164451.jpg\u00a0\u00bb title_text=\u00a0\u00bbIMG20251125164451&Prime; _builder_version=\u00a0\u00bb4.27.5&Prime; _module_preset=\u00a0\u00bbdefault\u00a0\u00bb width=\u00a0\u00bb100%\u00a0\u00bb global_colors_info=\u00a0\u00bb{}\u00a0\u00bb][\/et_pb_image][\/et_pb_column][\/et_pb_row][\/et_pb_section]<\/p>\n","protected":false},"excerpt":{"rendered":"<p>Ma\u00eetre d\u2019Ouvrage : Ville de Bordeaux Contenu de la mission : R\u00e9habilitation : MDL de lyc\u00e9e Mauriac Surface r\u00e9habilit\u00e9e : 185m\u00b2 Montant des travaux : 73\u00a0K\u20ac HT Livraison : Septembre 2026 Particularit\u00e9 du projet\u00a0 Travail approfondis d\u2019int\u00e9rieur Mobilier sur mesure La gestion d&rsquo;une mission le mois d\u2019aout. &nbsp;Le programme pr\u00e9voyait une simple remise en \u00e9tat [&hellip;]<\/p>\n","protected":false},"author":2,"featured_media":0,"comment_status":"open","ping_status":"closed","template":"","meta":{"_et_pb_use_builder":"on","_et_pb_old_content":"","_et_gb_content_width":"","footnotes":""},"project_category":[],"project_tag":[],"class_list":["post-823","project","type-project","status-publish","hentry"],"_links":{"self":[{"href":"https:\/\/e-fouche.fr\/index.php\/wp-json\/wp\/v2\/project\/823","targetHints":{"allow":["GET"]}}],"collection":[{"href":"https:\/\/e-fouche.fr\/index.php\/wp-json\/wp\/v2\/project"}],"about":[{"href":"https:\/\/e-fouche.fr\/index.php\/wp-json\/wp\/v2\/types\/project"}],"author":[{"embeddable":true,"href":"https:\/\/e-fouche.fr\/index.php\/wp-json\/wp\/v2\/users\/2"}],"replies":[{"embeddable":true,"href":"https:\/\/e-fouche.fr\/index.php\/wp-json\/wp\/v2\/comments?post=823"}],"version-history":[{"count":9,"href":"https:\/\/e-fouche.fr\/index.php\/wp-json\/wp\/v2\/project\/823\/revisions"}],"predecessor-version":[{"id":977,"href":"https:\/\/e-fouche.fr\/index.php\/wp-json\/wp\/v2\/project\/823\/revisions\/977"}],"wp:attachment":[{"href":"https:\/\/e-fouche.fr\/index.php\/wp-json\/wp\/v2\/media?parent=823"}],"wp:term":[{"taxonomy":"project_category","embeddable":true,"href":"https:\/\/e-fouche.fr\/index.php\/wp-json\/wp\/v2\/project_category?post=823"},{"taxonomy":"project_tag","embeddable":true,"href":"https:\/\/e-fouche.fr\/index.php\/wp-json\/wp\/v2\/project_tag?post=823"}],"curies":[{"name":"wp","href":"https:\/\/api.w.org\/{rel}","templated":true}]}}