{"id":864,"date":"2026-08-26T13:34:59","date_gmt":"2026-08-26T13:34:59","guid":{"rendered":"https:\/\/e-fouche.fr\/?post_type=project&#038;p=864"},"modified":"2026-09-01T13:28:37","modified_gmt":"2026-09-01T13:28:37","slug":"864","status":"publish","type":"project","link":"https:\/\/e-fouche.fr\/index.php\/project\/864\/","title":{"rendered":"La reole"},"content":{"rendered":"<p>[et_pb_section fb_built=\u00a0\u00bb1&Prime; _builder_version=\u00a0\u00bb4.27.5&Prime; _module_preset=\u00a0\u00bbdefault\u00a0\u00bb background_color=\u00a0\u00bb#000000&Prime; background_enable_image=\u00a0\u00bboff\u00a0\u00bb custom_padding=\u00a0\u00bb0px||0px|||\u00a0\u00bb global_colors_info=\u00a0\u00bb{}\u00a0\u00bb][et_pb_row make_equal=\u00a0\u00bbon\u00a0\u00bb _builder_version=\u00a0\u00bb4.27.5&Prime; _module_preset=\u00a0\u00bbdefault\u00a0\u00bb background_color=\u00a0\u00bbRGBA(255,255,255,0)\u00a0\u00bb width=\u00a0\u00bb100%\u00a0\u00bb max_width=\u00a0\u00bb1105px\u00a0\u00bb module_alignment=\u00a0\u00bbcenter\u00a0\u00bb custom_margin=\u00a0\u00bb|-175px||536px||\u00a0\u00bb custom_padding=\u00a0\u00bb||22px|||\u00a0\u00bb global_colors_info=\u00a0\u00bb{}\u00a0\u00bb][et_pb_column type=\u00a0\u00bb4_4&Prime; _builder_version=\u00a0\u00bb4.27.5&Prime; _module_preset=\u00a0\u00bbdefault\u00a0\u00bb global_colors_info=\u00a0\u00bb{}\u00a0\u00bb][et_pb_heading title=\u00a0\u00bbLYCEE JEAN RENOU\u00a0\u00bb _builder_version=\u00a0\u00bb4.27.5&Prime; _module_preset=\u00a0\u00bbdefault\u00a0\u00bb title_text_color=\u00a0\u00bb#FFFFFF\u00a0\u00bb custom_padding=\u00a0\u00bb0px||0px|||\u00a0\u00bb global_colors_info=\u00a0\u00bb{}\u00a0\u00bb][\/et_pb_heading][\/et_pb_column][\/et_pb_row][\/et_pb_section][et_pb_section fb_built=\u00a0\u00bb1&Prime; _builder_version=\u00a0\u00bb4.27.5&Prime; _module_preset=\u00a0\u00bbdefault\u00a0\u00bb background_color=\u00a0\u00bbRGBA(255,255,255,0)\u00a0\u00bb background_enable_image=\u00a0\u00bboff\u00a0\u00bb custom_padding=\u00a0\u00bb0px||0px|||\u00a0\u00bb global_colors_info=\u00a0\u00bb{}\u00a0\u00bb][et_pb_row column_structure=\u00a0\u00bb2_5,3_5&Prime; make_equal=\u00a0\u00bbon\u00a0\u00bb _builder_version=\u00a0\u00bb4.27.5&Prime; _module_preset=\u00a0\u00bbdefault\u00a0\u00bb background_color=\u00a0\u00bb#FFFFFF\u00a0\u00bb width=\u00a0\u00bb100%\u00a0\u00bb max_width=\u00a0\u00bb1105px\u00a0\u00bb module_alignment=\u00a0\u00bbcenter\u00a0\u00bb custom_margin=\u00a0\u00bb|-175px||536px||\u00a0\u00bb custom_padding=\u00a0\u00bb||53px|||\u00a0\u00bb global_colors_info=\u00a0\u00bb{}\u00a0\u00bb][et_pb_column type=\u00a0\u00bb2_5&Prime; _builder_version=\u00a0\u00bb4.27.5&Prime; _module_preset=\u00a0\u00bbdefault\u00a0\u00bb global_colors_info=\u00a0\u00bb{}\u00a0\u00bb][et_pb_text _builder_version=\u00a0\u00bb4.27.5&Prime; _module_preset=\u00a0\u00bbdefault\u00a0\u00bb text_text_color=\u00a0\u00bbrgba(255,255,255,0.85)\u00a0\u00bb width=\u00a0\u00bb91.8%\u00a0\u00bb custom_padding=\u00a0\u00bb|5px|30px|9px||\u00a0\u00bb global_colors_info=\u00a0\u00bb{}\u00a0\u00bb]<\/p>\n<p><span style=\"color: #808080;\"><b>Ma\u00eetre d\u2019Ouvrage :<\/b><\/span><span style=\"color: #808080;\"><b><\/b><\/span><\/p>\n<p><span style=\"color: #808080; font-size: 14px;\">C.R. Nouvelle-Aquitaine<\/span><\/p>\n<p><span style=\"color: #808080;\"><strong>Lieu :<\/strong><br \/>La R\u00e9ole (33190)<br \/><\/span><\/p>\n<p><span style=\"color: #808080;\"><b>Contenu de la mission : <\/b><\/span><\/p>\n<p><span style=\"color: #808080;\">Mise en conformit\u00e9 de l\u2019accessibilit\u00e9<br \/>Restructuration de l\u2019administration<\/span><span style=\"font-size: 14px;\">\u00a0<\/span><\/p>\n<p><span style=\"color: #808080;\"><b>Montant des travaux : <\/b>1.450 M\u20ac HT<\/span><\/p>\n<p><span style=\"color: #808080;\"><b>Livraison : <\/b>Janvier 2024<\/span><\/p>\n<p>[\/et_pb_text][et_pb_text _builder_version=\u00a0\u00bb4.27.5&Prime; _module_preset=\u00a0\u00bbdefault\u00a0\u00bb text_text_color=\u00a0\u00bbrgba(255,255,255,0.85)\u00a0\u00bb background_color=\u00a0\u00bb#000000&Prime; width=\u00a0\u00bb91.8%\u00a0\u00bb custom_margin=\u00a0\u00bb19px|||||\u00a0\u00bb custom_padding=\u00a0\u00bb|5px|0px|9px||\u00a0\u00bb global_colors_info=\u00a0\u00bb{}\u00a0\u00bb]<\/p>\n<h2><span style=\"color: #ffffff;\"><\/span><\/h2>\n<h2><span style=\"color: #ffffff;\">Particularit\u00e9 du projet\u00a0<\/span><\/h2>\n<ul>\n<li>\n<p>B\u00e2timent inscris au patrimoine<\/p>\n<\/li>\n<li>\n<p>Ascenseur vitr\u00e9 <\/p>\n<\/li>\n<\/ul>\n<p>&nbsp;<\/p>\n<p>[\/et_pb_text][et_pb_text _builder_version=\u00a0\u00bb4.27.5&Prime; _module_preset=\u00a0\u00bbdefault\u00a0\u00bb text_text_color=\u00a0\u00bbrgba(255,255,255,0.85)\u00a0\u00bb width=\u00a0\u00bb91.8%\u00a0\u00bb custom_margin=\u00a0\u00bb35px|||||\u00a0\u00bb custom_padding=\u00a0\u00bb|5px|30px|9px||\u00a0\u00bb global_colors_info=\u00a0\u00bb{}\u00a0\u00bb]<\/p>\n<p><span style=\"color: #808080;\">La mission initiale consistait en la mise en conformit\u00e9 de l\u2019\u00e9tablissement vis-\u00e0-vis de l\u2019accessibilit\u00e9.<\/span><\/p>\n<p><span style=\"color: #808080;\">Le lyc\u00e9e est situ\u00e9 en plein c\u0153ur de la ZPPAU de la ville de La R\u00e9ole dont le centre ancien est class\u00e9 \u201cVille d\u2019Art &amp; d\u2019Histoire\u201d. Situ\u00e9s en partie haute des anciens remparts, les b\u00e2timents sont dispos\u00e9s sur plusieurs niveaux dont les acc\u00e8s varient selon la topographie des lieux. La mise en place d\u2019ascenseurs s\u2019est impos\u00e9e comme objectif principal de la mission, avec des difficult\u00e9s majeures pour les installer dans les structures existantes.<\/span><\/p>\n<p><span style=\"color: #808080;\">Les \u00e9tudes ont \u00e9t\u00e9 men\u00e9es sur plusieurs ann\u00e9es avec de nombreux allers-retours avec le service du Patrimoine de la Gironde. Le projet retenu consiste finalement \u00e0 la mise en place d\u2019un unique ascenseur situ\u00e9 dans la cour et largement visible depuis les alentours. Cet ouvrages est r\u00e9alis\u00e9 en structures m\u00e9talliques munies de parois de verre agraf\u00e9.<\/span><br \/><span style=\"color: #808080;\">Les autres ouvrages concern\u00e9s sont les escaliers et installations sanitaires principalement.<\/span><\/p>\n<p><span style=\"color: #808080;\">Certaines parties ont fait l\u2019objet de restructurations compl\u00e8te, dont l\u2019Administration situ\u00e9e entre la rue et la cour.<\/span><\/p>\n<p>&nbsp;<\/p>\n<p><span style=\"color: #808080;\">\u00a0<\/span><\/p>\n<p>[\/et_pb_text][\/et_pb_column][et_pb_column type=\u00a0\u00bb3_5&Prime; _builder_version=\u00a0\u00bb4.27.5&Prime; _module_preset=\u00a0\u00bbdefault\u00a0\u00bb transform_translate_linked=\u00a0\u00bboff\u00a0\u00bb transform_origin=\u00a0\u00bb0%|50%\u00a0\u00bb global_colors_info=\u00a0\u00bb{}\u00a0\u00bb][et_pb_image src=\u00a0\u00bbhttps:\/\/e-fouche.fr\/wp-content\/uploads\/2026\/08\/IMG_20240418_121910.jpg\u00a0\u00bb title_text=\u00a0\u00bbIMG_20240418_121910&Prime; _builder_version=\u00a0\u00bb4.27.5&Prime; _module_preset=\u00a0\u00bbdefault\u00a0\u00bb width=\u00a0\u00bb100%\u00a0\u00bb global_colors_info=\u00a0\u00bb{}\u00a0\u00bb][\/et_pb_image][et_pb_image src=\u00a0\u00bbhttps:\/\/e-fouche.fr\/wp-content\/uploads\/2026\/08\/IMG_20240528_071739.jpg\u00a0\u00bb title_text=\u00a0\u00bbIMG_20240528_071739&Prime; _builder_version=\u00a0\u00bb4.27.5&Prime; _module_preset=\u00a0\u00bbdefault\u00a0\u00bb width=\u00a0\u00bb100%\u00a0\u00bb global_colors_info=\u00a0\u00bb{}\u00a0\u00bb][\/et_pb_image][et_pb_image src=\u00a0\u00bbhttps:\/\/e-fouche.fr\/wp-content\/uploads\/2026\/08\/IMG_20231107_114749.jpg\u00a0\u00bb title_text=\u00a0\u00bbIMG_20231107_114749&Prime; _builder_version=\u00a0\u00bb4.27.5&Prime; _module_preset=\u00a0\u00bbdefault\u00a0\u00bb width=\u00a0\u00bb100%\u00a0\u00bb global_colors_info=\u00a0\u00bb{}\u00a0\u00bb][\/et_pb_image][et_pb_image src=\u00a0\u00bbhttps:\/\/e-fouche.fr\/wp-content\/uploads\/2026\/09\/IMG_20240102_105144.jpg\u00a0\u00bb title_text=\u00a0\u00bbIMG_20240102_105144&Prime; _builder_version=\u00a0\u00bb4.27.5&Prime; _module_preset=\u00a0\u00bbdefault\u00a0\u00bb width=\u00a0\u00bb100%\u00a0\u00bb hover_enabled=\u00a0\u00bb0&Prime; global_colors_info=\u00a0\u00bb{}\u00a0\u00bb sticky_enabled=\u00a0\u00bb0&Prime;][\/et_pb_image][et_pb_image src=\u00a0\u00bbhttps:\/\/e-fouche.fr\/wp-content\/uploads\/2026\/09\/processed-6644DED4-3F70-452F-97E0-EB9E072AAE9A.jpg\u00a0\u00bb title_text=\u00a0\u00bbprocessed-6644DED4-3F70-452F-97E0-EB9E072AAE9A\u00a0\u00bb _builder_version=\u00a0\u00bb4.27.5&Prime; _module_preset=\u00a0\u00bbdefault\u00a0\u00bb width=\u00a0\u00bb100%\u00a0\u00bb hover_enabled=\u00a0\u00bb0&Prime; global_colors_info=\u00a0\u00bb{}\u00a0\u00bb sticky_enabled=\u00a0\u00bb0&Prime;][\/et_pb_image][et_pb_image src=\u00a0\u00bbhttps:\/\/e-fouche.fr\/wp-content\/uploads\/2026\/08\/IMG_20230829_111450.jpg\u00a0\u00bb title_text=\u00a0\u00bbIMG_20230829_111450&Prime; _builder_version=\u00a0\u00bb4.27.5&Prime; _module_preset=\u00a0\u00bbdefault\u00a0\u00bb width=\u00a0\u00bb100%\u00a0\u00bb global_colors_info=\u00a0\u00bb{}\u00a0\u00bb][\/et_pb_image][et_pb_image src=\u00a0\u00bbhttps:\/\/e-fouche.fr\/wp-content\/uploads\/2026\/08\/IMG_20230829_111242.jpg\u00a0\u00bb title_text=\u00a0\u00bbIMG_20230829_111242&Prime; _builder_version=\u00a0\u00bb4.27.5&Prime; _module_preset=\u00a0\u00bbdefault\u00a0\u00bb width=\u00a0\u00bb100%\u00a0\u00bb global_colors_info=\u00a0\u00bb{}\u00a0\u00bb][\/et_pb_image][\/et_pb_column][\/et_pb_row][\/et_pb_section]<\/p>\n","protected":false},"excerpt":{"rendered":"<p>Ma\u00eetre d\u2019Ouvrage : C.R. Nouvelle-Aquitaine Lieu :La R\u00e9ole (33190) Contenu de la mission : Mise en conformit\u00e9 de l\u2019accessibilit\u00e9Restructuration de l\u2019administration\u00a0 Montant des travaux : 1.450 M\u20ac HT Livraison : Janvier 2024 Particularit\u00e9 du projet\u00a0 B\u00e2timent inscris au patrimoine Ascenseur vitr\u00e9 &nbsp;La mission initiale consistait en la mise en conformit\u00e9 de l\u2019\u00e9tablissement vis-\u00e0-vis de l\u2019accessibilit\u00e9. [&hellip;]<\/p>\n","protected":false},"author":2,"featured_media":0,"comment_status":"open","ping_status":"closed","template":"","meta":{"_et_pb_use_builder":"on","_et_pb_old_content":"","_et_gb_content_width":"","footnotes":""},"project_category":[],"project_tag":[],"class_list":["post-864","project","type-project","status-publish","hentry"],"_links":{"self":[{"href":"https:\/\/e-fouche.fr\/index.php\/wp-json\/wp\/v2\/project\/864","targetHints":{"allow":["GET"]}}],"collection":[{"href":"https:\/\/e-fouche.fr\/index.php\/wp-json\/wp\/v2\/project"}],"about":[{"href":"https:\/\/e-fouche.fr\/index.php\/wp-json\/wp\/v2\/types\/project"}],"author":[{"embeddable":true,"href":"https:\/\/e-fouche.fr\/index.php\/wp-json\/wp\/v2\/users\/2"}],"replies":[{"embeddable":true,"href":"https:\/\/e-fouche.fr\/index.php\/wp-json\/wp\/v2\/comments?post=864"}],"version-history":[{"count":6,"href":"https:\/\/e-fouche.fr\/index.php\/wp-json\/wp\/v2\/project\/864\/revisions"}],"predecessor-version":[{"id":1199,"href":"https:\/\/e-fouche.fr\/index.php\/wp-json\/wp\/v2\/project\/864\/revisions\/1199"}],"wp:attachment":[{"href":"https:\/\/e-fouche.fr\/index.php\/wp-json\/wp\/v2\/media?parent=864"}],"wp:term":[{"taxonomy":"project_category","embeddable":true,"href":"https:\/\/e-fouche.fr\/index.php\/wp-json\/wp\/v2\/project_category?post=864"},{"taxonomy":"project_tag","embeddable":true,"href":"https:\/\/e-fouche.fr\/index.php\/wp-json\/wp\/v2\/project_tag?post=864"}],"curies":[{"name":"wp","href":"https:\/\/api.w.org\/{rel}","templated":true}]}}